{"id":4085,"date":"2023-04-21T22:31:43","date_gmt":"2023-04-21T20:31:43","guid":{"rendered":"https:\/\/demo.graffnestl.com\/wordpress\/studio-legale\/"},"modified":"2023-10-29T17:57:02","modified_gmt":"2023-10-29T16:57:02","slug":"studio-legale","status":"publish","type":"page","link":"https:\/\/www.graffnestl.com\/it\/studio-legale\/","title":{"rendered":"Studio legale"},"content":{"rendered":"<div class=\"wpb-content-wrapper\">[vc_row thb_full_width=&#8221;true&#8221; thb_row_padding=&#8221;true&#8221; thb_column_padding=&#8221;true&#8221; parallax=&#8221;content-moving&#8221;][vc_column][vc_row_inner][vc_column_inner css=&#8221;.vc_custom_1687616782312{margin-top: 50px !important;}&#8221;][vc_column_text]\n<h1 style=\"text-align: center;\">Studio legale<\/h1>\n[\/vc_column_text][vc_empty_space][vc_column_text]<strong>Graff Nestl &amp; Partner<\/strong> \u00e8 uno studio legale fondato nel 1969 dal Dr. Michael Graff.<\/p>\n<p>Con sede a Vienna, lo studio serve direttamente le aree legali di Austria, Germania, Italia, Lussemburgo e Slovacchia. Grazie alla sua rete di cooperazione, il servizio \u00e8 possibile in tutto il mondo. Il team dedicato dello studio fornisce un supporto attivo e professionale per ogni singolo caso.<\/p>\n<p>Lo studio vede la sua pi\u00f9 grande forza nelle virt\u00f9 pi\u00f9 nobili di uno studio legale, in particolare nella lealt\u00e0 incondizionata verso il cliente, nella riservatezza, nell&#8217;indipendenza e nella fornitura di servizi al massimo livello di professionalit\u00e0.<\/p>\n<p>Oltre alla redazione di contratti di ogni genere, lo studio si concentra sui settori della protezione del private equity, della gestione di transazioni immobiliari e di acquisizioni societarie (M&amp;A), compresa la creazione di diversi accordi economici e di successione testamentaria.<\/p>\n<p>Oltre alla rappresentanza completa davanti ai tribunali e alle autorit\u00e0, offriamo anche una consulenza e una rappresentanza competenti nell&#8217;ambito del diritto matrimoniale e familiare, nonch\u00e9 della mediazione.<\/p>\n<p>Forniamo consulenza sia a privati che ad aziende nelle relazioni d&#8217;affari in corso e siamo a vostra disposizione a livello internazionale.[\/vc_column_text][vc_empty_space][vc_gallery lightbox=&#8221;mfp-gallery&#8221; images=&#8221;2285,2270&#8243; img_size=&#8221;large&#8221; animation=&#8221;animation bottom-to-top&#8221;][vc_empty_space][\/vc_column_inner][\/vc_row_inner][\/vc_column][\/vc_row][vc_row][vc_column][vc_column_text]\n<h2 style=\"text-align: center;\"><strong>GRAFF NESTL &amp; PARTNER<br \/>\nRechtsanw\u00e4lte GmbH &amp; Co KG<\/strong><\/h2>\n[\/vc_column_text][vc_empty_space]\t<div id=\"thb-team-294\" class=\"thb-team-row team-light\">\n\t\t<div class=\"row style1 regular-padding\" data-columns=\"large-6\" data-pagination=\"true\" data-autoplay=\"\" data-autoplay-speed=\"4000\">\n\t\t\t\t<div class=\"thb-team-member small-12 large-6 animation bottom-to-top columns member_style1 \">\n\t\t<div class=\"team-container \n\t\t\">\n\t\t\t<img loading=\"lazy\" decoding=\"async\" width=\"1707\" height=\"2560\" src=\"https:\/\/www.graffnestl.com\/wordpress\/wp-content\/uploads\/2023\/06\/Version2-GraffNestlKanzlei-4-scaled.jpg\" class=\"attachment-full\" alt=\"Dr. Jur. Franz Markus Nestl\" title=\"Version2-GraffNestlKanzlei-4\" srcset=\"https:\/\/www.graffnestl.com\/wordpress\/wp-content\/uploads\/2023\/06\/Version2-GraffNestlKanzlei-4-scaled.jpg 1707w, https:\/\/www.graffnestl.com\/wordpress\/wp-content\/uploads\/2023\/06\/Version2-GraffNestlKanzlei-4-200x300.jpg 200w, https:\/\/www.graffnestl.com\/wordpress\/wp-content\/uploads\/2023\/06\/Version2-GraffNestlKanzlei-4-683x1024.jpg 683w, https:\/\/www.graffnestl.com\/wordpress\/wp-content\/uploads\/2023\/06\/Version2-GraffNestlKanzlei-4-768x1152.jpg 768w, https:\/\/www.graffnestl.com\/wordpress\/wp-content\/uploads\/2023\/06\/Version2-GraffNestlKanzlei-4-1024x1536.jpg 1024w, https:\/\/www.graffnestl.com\/wordpress\/wp-content\/uploads\/2023\/06\/Version2-GraffNestlKanzlei-4-1365x2048.jpg 1365w, https:\/\/www.graffnestl.com\/wordpress\/wp-content\/uploads\/2023\/06\/Version2-GraffNestlKanzlei-4-380x570.jpg 380w, https:\/\/www.graffnestl.com\/wordpress\/wp-content\/uploads\/2023\/06\/Version2-GraffNestlKanzlei-4-20x30.jpg 20w, https:\/\/www.graffnestl.com\/wordpress\/wp-content\/uploads\/2023\/06\/Version2-GraffNestlKanzlei-4-190x285.jpg 190w, https:\/\/www.graffnestl.com\/wordpress\/wp-content\/uploads\/2023\/06\/Version2-GraffNestlKanzlei-4-760x1140.jpg 760w, https:\/\/www.graffnestl.com\/wordpress\/wp-content\/uploads\/2023\/06\/Version2-GraffNestlKanzlei-4-1140x1710.jpg 1140w\" sizes=\"auto, (max-width: 1707px) 100vw, 1707px\" \/>\t\t\t\t\t\t<div class=\"team-information \n\t\t\t\">\n\t\t\t\t\t\t\t\t\t\t\t\t\t\t\t\t\t\t\t\t\t\t\t\t\t\t\t\t\t\t\t\t\t\t\t\t<\/div>\n\t\t\t\t\t<\/div>\n\t\t\t\t\t<h6 class=\"member-title\">Dr. Jur. Franz Markus Nestl<\/h6>\n\t\t\t<p class=\"job-title\">Avvocato, socio fondatore<\/p>\n\t\t\t\t\t<\/div>\n\t\t<div class=\"thb-team-member small-12 large-6 animation bottom-to-top columns member_style1 \">\n\t\t<div class=\"team-container \n\t\t\">\n\t\t\t<img loading=\"lazy\" decoding=\"async\" width=\"1707\" height=\"2560\" src=\"https:\/\/www.graffnestl.com\/wordpress\/wp-content\/uploads\/2023\/06\/GraffNestlKanzleiOriginal-5-scaled.jpg\" class=\"attachment-full\" alt=\"Dr. Jur. Christina Nestl\" title=\"GraffNestlKanzleiOriginal-5\" srcset=\"https:\/\/www.graffnestl.com\/wordpress\/wp-content\/uploads\/2023\/06\/GraffNestlKanzleiOriginal-5-scaled.jpg 1707w, https:\/\/www.graffnestl.com\/wordpress\/wp-content\/uploads\/2023\/06\/GraffNestlKanzleiOriginal-5-200x300.jpg 200w, https:\/\/www.graffnestl.com\/wordpress\/wp-content\/uploads\/2023\/06\/GraffNestlKanzleiOriginal-5-683x1024.jpg 683w, https:\/\/www.graffnestl.com\/wordpress\/wp-content\/uploads\/2023\/06\/GraffNestlKanzleiOriginal-5-768x1152.jpg 768w, https:\/\/www.graffnestl.com\/wordpress\/wp-content\/uploads\/2023\/06\/GraffNestlKanzleiOriginal-5-1024x1536.jpg 1024w, https:\/\/www.graffnestl.com\/wordpress\/wp-content\/uploads\/2023\/06\/GraffNestlKanzleiOriginal-5-1365x2048.jpg 1365w, https:\/\/www.graffnestl.com\/wordpress\/wp-content\/uploads\/2023\/06\/GraffNestlKanzleiOriginal-5-380x570.jpg 380w, https:\/\/www.graffnestl.com\/wordpress\/wp-content\/uploads\/2023\/06\/GraffNestlKanzleiOriginal-5-20x30.jpg 20w, https:\/\/www.graffnestl.com\/wordpress\/wp-content\/uploads\/2023\/06\/GraffNestlKanzleiOriginal-5-190x285.jpg 190w, https:\/\/www.graffnestl.com\/wordpress\/wp-content\/uploads\/2023\/06\/GraffNestlKanzleiOriginal-5-760x1140.jpg 760w, https:\/\/www.graffnestl.com\/wordpress\/wp-content\/uploads\/2023\/06\/GraffNestlKanzleiOriginal-5-1140x1710.jpg 1140w\" sizes=\"auto, (max-width: 1707px) 100vw, 1707px\" \/>\t\t\t\t\t\t<div class=\"team-information \n\t\t\t\">\n\t\t\t\t\t\t\t\t\t\t\t\t\t\t\t\t\t\t\t\t\t\t\t\t\t\t\t\t\t\t\t\t\t\t\t\t<\/div>\n\t\t\t\t\t<\/div>\n\t\t\t\t\t<h6 class=\"member-title\">Dr. Jur. Christina Nestl<\/h6>\n\t\t\t<p class=\"job-title\">Avvocato, socio fondatore<\/p>\n\t\t\t\t\t<\/div>\n\t\t\t<\/div>\n\t<\/div>\n\t<style>\n\t\t\t\t\t<\/style>\n\t[\/vc_column][\/vc_row][vc_row thb_full_width=&#8221;true&#8221; thb_row_padding=&#8221;true&#8221; css=&#8221;.vc_custom_1698083564359{background-color: #f5f4f2 !important;}&#8221;][vc_column][vc_row_inner][vc_column_inner][vc_empty_space][vc_column_text]\n<h3 style=\"text-align: center;\">L&#8217;INTERO TEAM DI GNP SI IMPEGNA SEMPRE A GESTIRE LA VOSTRA RICHIESTA IN MODO RAPIDO E PROFESSIONALE.<\/h3>\n[\/vc_column_text][vc_empty_space][\/vc_column_inner][\/vc_row_inner][\/vc_column][\/vc_row]\n<\/div>","protected":false},"excerpt":{"rendered":"<p>[vc_row thb_full_width=&#8221;true&#8221; thb_row_padding=&#8221;true&#8221; thb_column_padding=&#8221;true&#8221; parallax=&#8221;content-moving&#8221;][vc_column][vc_row_inner][vc_column_inner css=&#8221;.vc_custom_1687616782312{margin-top: 50px !important;}&#8221;][vc_column_text] Studio legale [\/vc_column_text][vc_empty_space][vc_column_text]Graff Nestl &amp; Partner \u00e8 uno studio legale fondato nel 1969 dal Dr. Michael Graff. Con sede a Vienna, lo studio serve direttamente le aree legali di Austria, Germania, Italia, Lussemburgo e Slovacchia. Grazie alla sua rete di cooperazione, il servizio \u00e8 possibile in tutto&hellip;<\/p>\n","protected":false},"author":3,"featured_media":0,"parent":0,"menu_order":0,"comment_status":"closed","ping_status":"closed","template":"page-default.php","meta":{"footnotes":""},"class_list":["post-4085","page","type-page","status-publish","hentry"],"yoast_head":"<!-- This site is optimized with the Yoast SEO plugin v26.8 - https:\/\/yoast.com\/product\/yoast-seo-wordpress\/ -->\n<title>Studio legale - Graff Nestl &amp; Partner | Rechtsanw\u00e4lte<\/title>\n<meta name=\"robots\" content=\"index, follow, max-snippet:-1, max-image-preview:large, max-video-preview:-1\" \/>\n<link rel=\"canonical\" href=\"https:\/\/www.graffnestl.com\/it\/studio-legale\/\" \/>\n<meta property=\"og:locale\" content=\"it_IT\" \/>\n<meta property=\"og:type\" content=\"article\" \/>\n<meta property=\"og:title\" content=\"Studio legale - Graff Nestl &amp; Partner | Rechtsanw\u00e4lte\" \/>\n<meta property=\"og:description\" content=\"[vc_row thb_full_width=&#8221;true&#8221; thb_row_padding=&#8221;true&#8221; thb_column_padding=&#8221;true&#8221; parallax=&#8221;content-moving&#8221;][vc_column][vc_row_inner][vc_column_inner css=&#8221;.vc_custom_1687616782312{margin-top: 50px !important;}&#8221;][vc_column_text] Studio legale [\/vc_column_text][vc_empty_space][vc_column_text]Graff Nestl &amp; Partner \u00e8 uno studio legale fondato nel 1969 dal Dr. Michael Graff. Con sede a Vienna, lo studio serve direttamente le aree legali di Austria, Germania, Italia, Lussemburgo e Slovacchia. Grazie alla sua rete di cooperazione, il servizio \u00e8 possibile in tutto&hellip;\" \/>\n<meta property=\"og:url\" content=\"https:\/\/www.graffnestl.com\/it\/studio-legale\/\" \/>\n<meta property=\"og:site_name\" content=\"Graff Nestl &amp; Partner | Rechtsanw\u00e4lte\" \/>\n<meta property=\"article:modified_time\" content=\"2023-10-29T16:57:02+00:00\" \/>\n<meta name=\"twitter:card\" content=\"summary_large_image\" \/>\n<meta name=\"twitter:label1\" content=\"Tempo di lettura stimato\" \/>\n\t<meta name=\"twitter:data1\" content=\"2 minuti\" \/>\n<script type=\"application\/ld+json\" class=\"yoast-schema-graph\">{\"@context\":\"https:\/\/schema.org\",\"@graph\":[{\"@type\":\"WebPage\",\"@id\":\"https:\/\/www.graffnestl.com\/it\/studio-legale\/\",\"url\":\"https:\/\/www.graffnestl.com\/it\/studio-legale\/\",\"name\":\"Studio legale - Graff Nestl &amp; Partner | Rechtsanw\u00e4lte\",\"isPartOf\":{\"@id\":\"https:\/\/www.graffnestl.com\/it\/#website\"},\"datePublished\":\"2023-04-21T20:31:43+00:00\",\"dateModified\":\"2023-10-29T16:57:02+00:00\",\"breadcrumb\":{\"@id\":\"https:\/\/www.graffnestl.com\/it\/studio-legale\/#breadcrumb\"},\"inLanguage\":\"it-IT\",\"potentialAction\":[{\"@type\":\"ReadAction\",\"target\":[\"https:\/\/www.graffnestl.com\/it\/studio-legale\/\"]}]},{\"@type\":\"BreadcrumbList\",\"@id\":\"https:\/\/www.graffnestl.com\/it\/studio-legale\/#breadcrumb\",\"itemListElement\":[{\"@type\":\"ListItem\",\"position\":1,\"name\":\"Startseite\",\"item\":\"https:\/\/www.graffnestl.com\/it\/\"},{\"@type\":\"ListItem\",\"position\":2,\"name\":\"Studio legale\"}]},{\"@type\":\"WebSite\",\"@id\":\"https:\/\/www.graffnestl.com\/it\/#website\",\"url\":\"https:\/\/www.graffnestl.com\/it\/\",\"name\":\"Graff Nestl &amp; Partner | Rechtsanw\u00e4lte\",\"description\":\"Attorneys at law\",\"potentialAction\":[{\"@type\":\"SearchAction\",\"target\":{\"@type\":\"EntryPoint\",\"urlTemplate\":\"https:\/\/www.graffnestl.com\/it\/?s={search_term_string}\"},\"query-input\":{\"@type\":\"PropertyValueSpecification\",\"valueRequired\":true,\"valueName\":\"search_term_string\"}}],\"inLanguage\":\"it-IT\"}]}<\/script>\n<!-- \/ Yoast SEO plugin. -->","yoast_head_json":{"title":"Studio legale - Graff Nestl &amp; Partner | Rechtsanw\u00e4lte","robots":{"index":"index","follow":"follow","max-snippet":"max-snippet:-1","max-image-preview":"max-image-preview:large","max-video-preview":"max-video-preview:-1"},"canonical":"https:\/\/www.graffnestl.com\/it\/studio-legale\/","og_locale":"it_IT","og_type":"article","og_title":"Studio legale - Graff Nestl &amp; Partner | Rechtsanw\u00e4lte","og_description":"[vc_row thb_full_width=&#8221;true&#8221; thb_row_padding=&#8221;true&#8221; thb_column_padding=&#8221;true&#8221; parallax=&#8221;content-moving&#8221;][vc_column][vc_row_inner][vc_column_inner css=&#8221;.vc_custom_1687616782312{margin-top: 50px !important;}&#8221;][vc_column_text] Studio legale [\/vc_column_text][vc_empty_space][vc_column_text]Graff Nestl &amp; Partner \u00e8 uno studio legale fondato nel 1969 dal Dr. Michael Graff. Con sede a Vienna, lo studio serve direttamente le aree legali di Austria, Germania, Italia, Lussemburgo e Slovacchia. Grazie alla sua rete di cooperazione, il servizio \u00e8 possibile in tutto&hellip;","og_url":"https:\/\/www.graffnestl.com\/it\/studio-legale\/","og_site_name":"Graff Nestl &amp; Partner | Rechtsanw\u00e4lte","article_modified_time":"2023-10-29T16:57:02+00:00","twitter_card":"summary_large_image","twitter_misc":{"Tempo di lettura stimato":"2 minuti"},"schema":{"@context":"https:\/\/schema.org","@graph":[{"@type":"WebPage","@id":"https:\/\/www.graffnestl.com\/it\/studio-legale\/","url":"https:\/\/www.graffnestl.com\/it\/studio-legale\/","name":"Studio legale - Graff Nestl &amp; Partner | Rechtsanw\u00e4lte","isPartOf":{"@id":"https:\/\/www.graffnestl.com\/it\/#website"},"datePublished":"2023-04-21T20:31:43+00:00","dateModified":"2023-10-29T16:57:02+00:00","breadcrumb":{"@id":"https:\/\/www.graffnestl.com\/it\/studio-legale\/#breadcrumb"},"inLanguage":"it-IT","potentialAction":[{"@type":"ReadAction","target":["https:\/\/www.graffnestl.com\/it\/studio-legale\/"]}]},{"@type":"BreadcrumbList","@id":"https:\/\/www.graffnestl.com\/it\/studio-legale\/#breadcrumb","itemListElement":[{"@type":"ListItem","position":1,"name":"Startseite","item":"https:\/\/www.graffnestl.com\/it\/"},{"@type":"ListItem","position":2,"name":"Studio legale"}]},{"@type":"WebSite","@id":"https:\/\/www.graffnestl.com\/it\/#website","url":"https:\/\/www.graffnestl.com\/it\/","name":"Graff Nestl &amp; Partner | Rechtsanw\u00e4lte","description":"Attorneys at law","potentialAction":[{"@type":"SearchAction","target":{"@type":"EntryPoint","urlTemplate":"https:\/\/www.graffnestl.com\/it\/?s={search_term_string}"},"query-input":{"@type":"PropertyValueSpecification","valueRequired":true,"valueName":"search_term_string"}}],"inLanguage":"it-IT"}]}},"_links":{"self":[{"href":"https:\/\/www.graffnestl.com\/it\/wp-json\/wp\/v2\/pages\/4085","targetHints":{"allow":["GET"]}}],"collection":[{"href":"https:\/\/www.graffnestl.com\/it\/wp-json\/wp\/v2\/pages"}],"about":[{"href":"https:\/\/www.graffnestl.com\/it\/wp-json\/wp\/v2\/types\/page"}],"author":[{"embeddable":true,"href":"https:\/\/www.graffnestl.com\/it\/wp-json\/wp\/v2\/users\/3"}],"replies":[{"embeddable":true,"href":"https:\/\/www.graffnestl.com\/it\/wp-json\/wp\/v2\/comments?post=4085"}],"version-history":[{"count":4,"href":"https:\/\/www.graffnestl.com\/it\/wp-json\/wp\/v2\/pages\/4085\/revisions"}],"predecessor-version":[{"id":4769,"href":"https:\/\/www.graffnestl.com\/it\/wp-json\/wp\/v2\/pages\/4085\/revisions\/4769"}],"wp:attachment":[{"href":"https:\/\/www.graffnestl.com\/it\/wp-json\/wp\/v2\/media?parent=4085"}],"curies":[{"name":"wp","href":"https:\/\/api.w.org\/{rel}","templated":true}]}}